{"id":31,"date":"2024-01-07T13:29:55","date_gmt":"2024-01-07T13:29:55","guid":{"rendered":"https:\/\/szivosgallery.hu\/?page_id=31"},"modified":"2024-01-13T12:34:45","modified_gmt":"2024-01-13T12:34:45","slug":"kiallitasok","status":"publish","type":"page","link":"https:\/\/szivosgallery.hu\/en\/kiallitasok\/","title":{"rendered":"Ki\u00e1ll\u00edt\u00e1sok"},"content":{"rendered":"\n<p class=\"wp-block-paragraph\">1998 ban t\u0171zzom\u00e1ncaimmal r\u00e9szt vettem a T\u0171zvar\u00e1zs c\u00edm\u0171 \u2013 Nurids\u00e1ny \u00c9va \u00e9s tan\u00edtv\u00e1nyai- ki\u00e1ll\u00edt\u00e1s\u00e1n a Nagyerdei Gal\u00e9ri\u00e1ban<\/p>\n\n\n\n<p class=\"wp-block-paragraph\">2000 ben a Brassai Gal\u00e9ri\u00e1ban megrendezett Hajd\u00fa- Bihar megyei k\u00f6z\u00e9piskol\u00e1sok X. Tavaszi Di\u00e1kt\u00e1rlat d\u00edjazottja lettem.<\/p>\n\n\n\n<p class=\"wp-block-paragraph\">2000 ben a Megyei K\u00e9pz\u0151m\u0171v\u00e9szeti versenyen 2. helyezett lettem.<\/p>\n\n\n\n<p class=\"wp-block-paragraph\">2002 ben szint\u00e9n a Hajd\u00fa- Bihar megyei k\u00f6z\u00e9piskol\u00e1sok XII. Tavaszi Di\u00e1kt\u00e1rlat n\u00edv\u00f3d\u00edj\u00e1t kaptam.<\/p>\n\n\n\n<p class=\"wp-block-paragraph\">2002 ben II. Orsz\u00e1gos T\u0171zzom\u00e1nc Bienn\u00e1l\u00e9 3. helyezettje lettem.<\/p>\n\n\n\n<p class=\"wp-block-paragraph\">2005 ben DOTE Elm\u00e9leti Gal\u00e9ri\u00e1j\u00e1ban megrendezett XIX. Hajd\u00fa-Bihar Megyei \u0150szi T\u00e1rlat ki\u00e1ll\u00edt\u00f3ja voltam<\/p>\n\n\n\n<p class=\"wp-block-paragraph\">2006 ban XX. Hajd\u00fa -Bihar&nbsp; Megyei \u0150szi T\u00e1rlat ki\u00e1ll\u00edt\u00f3jak\u00e9nt vettem r\u00e9szt.( Medgyessy Ferenc Eml\u00e9km\u00fazeum)<\/p>\n\n\n\n<p class=\"wp-block-paragraph\">2006 ban a Medgyessy Ferenc K\u00e9pz\u0151m\u0171v\u00e9szeti K\u00f6r \u00e9s Szabadiskola tagja voltam. Ennek az \u00e9vz\u00e1r\u00f3 ki\u00e1ll\u00edt\u00e1s\u00e1n szerepeltem.<\/p>\n\n\n\n<p class=\"wp-block-paragraph\">2007 ben XXI. Hajd\u00fa- Bihar megyei \u0150szi T\u00e1rlat ki\u00e1ll\u00edt\u00e1son szerepeltem.<\/p>\n\n\n\n<p class=\"wp-block-paragraph\">2007 ben a Tehets\u00e9ges Debreceni Fiatalok\u00e9rt K\u00f6zalap\u00edtv\u00e1ny egy\u00e9ni \u00f6szt\u00f6nd\u00edjasa lettem.<\/p>\n\n\n\n<p class=\"wp-block-paragraph\">2023 csoportos ki\u00e1ll\u00edt\u00e1s Budapest Titok Gal\u00e9ria<\/p>\n\n\n\n<p class=\"wp-block-paragraph\">2023 M\u0171v\u00e9szterem Egyes\u00fclet k\u00e9pz\u0151m\u0171v\u00e9szeti tehets\u00e9gkutat\u00f3 p\u00e1ly\u00e1zat csoportos ki\u00e1ll\u00edt\u00e1sa Budapest Etele Pl\u00e1za<\/p>\n\n\n\n<p class=\"wp-block-paragraph\">2024 Teravarna  9 th OPEN  verseny Honorable Mention Awards elismer\u00e9se <\/p>\n\n\n\n<p class=\"wp-block-paragraph\">2024 Fine Arts Capital M\u0171v\u00e9szeti Egyes\u00fclet Basquiet p\u00e1ly\u00e1zat\u00e1nak csoportos ki\u00e1ll\u00edt\u00e1sa David Art Gallery ban<\/p>\n\n\n\n<p class=\"wp-block-paragraph\">2024 Golden Duck  Gallery ArtDeco&#8217;24 p\u00e1ly\u00e1zat nyerteseinek csoportos ki\u00e1ll\u00edt\u00e1sa <\/p>\n\n\n\n<p class=\"wp-block-paragraph\"><strong>Szakmai sikerek-\u00fcvegfest\u00e9s, \u00f3lom\u00fcvegez\u00e9s:<\/strong><\/p>\n\n\n\n<p class=\"wp-block-paragraph\">2003 ban Budapesten a Pataky Gal\u00e9ri\u00e1ban a Mester \u00e9s Tan\u00edtv\u00e1nyok c\u00edm\u0171 csoportos ki\u00e1ll\u00edt\u00e1son vizsgamunk\u00e1mmal szerepeltem.<\/p>\n\n\n\n<p class=\"wp-block-paragraph\">2008 ban alap\u00edtottam meg a Sz\u00edv\u00f3s \u2013\u00dcveg Kft.<\/p>\n\n\n\n<p class=\"wp-block-paragraph\">2008-2009 ben Hajd\u00fa\u00c9p, Debexpo ki\u00e1ll\u00edt\u00e1son mutakoztunk be<\/p>\n\n\n\n<p class=\"wp-block-paragraph\">2010 ben Debreceni Verestemplom D-i oldal\u00e1nak nagym\u00e9ter\u00fa( 16 nm) m\u0171eml\u00e9kv\u00e9delem alatt \u00e1ll\u00f3 festett \u00f3lom\u00fcvegablak\u00e1nak elk\u00e9sz\u00edt\u00e9se.( a m\u00e1sodik vil\u00e1gh\u00e1bor\u00fa alatt teljesen megsemmis\u00fclt)<\/p>\n\n\n\n<p class=\"wp-block-paragraph\">2008- 2013 ig sz\u00e1mos ki\u00e1ll\u00edt\u00e1son vett\u00fcnk r\u00e9szt. N\u00e1dudvar,Biharkeresztes( Bihar- Bihor expo k\u00f6z\u00f6ns\u00e9g d\u00edj) ,J\u00f3zsa<\/p>\n","protected":false},"excerpt":{"rendered":"<p>1998 ban t\u0171zzom\u00e1ncaimmal r\u00e9szt vettem a T\u0171zvar\u00e1zs c\u00edm\u0171 \u2013 Nurids\u00e1ny \u00c9va \u00e9s tan\u00edtv\u00e1nyai- ki\u00e1ll\u00edt\u00e1s\u00e1n a Nagyerdei Gal\u00e9ri\u00e1ban 2000 ben a Brassai Gal\u00e9ri\u00e1ban megrendezett Hajd\u00fa- Bihar megyei k\u00f6z\u00e9piskol\u00e1sok X. Tavaszi Di\u00e1kt\u00e1rlat d\u00edjazottja lettem. 2000 ben a Megyei K\u00e9pz\u0151m\u0171v\u00e9szeti versenyen 2. helyezett lettem. 2002 ben szint\u00e9n a Hajd\u00fa- Bihar megyei k\u00f6z\u00e9piskol\u00e1sok XII. [&hellip;]<\/p>\n","protected":false},"author":1,"featured_media":0,"parent":0,"menu_order":0,"comment_status":"closed","ping_status":"closed","template":"","meta":{"footnotes":""},"class_list":["post-31","page","type-page","status-publish","hentry"],"_links":{"self":[{"href":"https:\/\/szivosgallery.hu\/en\/wp-json\/wp\/v2\/pages\/31","targetHints":{"allow":["GET"]}}],"collection":[{"href":"https:\/\/szivosgallery.hu\/en\/wp-json\/wp\/v2\/pages"}],"about":[{"href":"https:\/\/szivosgallery.hu\/en\/wp-json\/wp\/v2\/types\/page"}],"author":[{"embeddable":true,"href":"https:\/\/szivosgallery.hu\/en\/wp-json\/wp\/v2\/users\/1"}],"replies":[{"embeddable":true,"href":"https:\/\/szivosgallery.hu\/en\/wp-json\/wp\/v2\/comments?post=31"}],"version-history":[{"count":1,"href":"https:\/\/szivosgallery.hu\/en\/wp-json\/wp\/v2\/pages\/31\/revisions"}],"predecessor-version":[{"id":224,"href":"https:\/\/szivosgallery.hu\/en\/wp-json\/wp\/v2\/pages\/31\/revisions\/224"}],"wp:attachment":[{"href":"https:\/\/szivosgallery.hu\/en\/wp-json\/wp\/v2\/media?parent=31"}],"curies":[{"name":"wp","href":"https:\/\/api.w.org\/{rel}","templated":true}]}}